{"id":28179,"date":"2018-01-10T10:19:08","date_gmt":"2018-01-10T09:19:08","guid":{"rendered":"https:\/\/cars-lieutaud.fr\/?page_id=28179"},"modified":"2018-01-10T10:23:51","modified_gmt":"2018-01-10T09:23:51","slug":"notre-flotte-mercedes","status":"publish","type":"page","link":"https:\/\/cars-lieutaud.fr\/en\/notre-flotte-mercedes\/","title":{"rendered":"Notre Flotte Mercedes EN"},"content":{"rendered":"<p>[et_pb_section bb_built=&#8221;1&#8243; admin_label=&#8221;section&#8221; custom_padding=&#8221;0px||0px|&#8221; _builder_version=&#8221;3.0.47&#8243;][et_pb_row admin_label=&#8221;row&#8221; make_fullwidth=&#8221;on&#8221; use_custom_gutter=&#8221;on&#8221; gutter_width=&#8221;0&#8243; custom_padding=&#8221;0px||0px|&#8221; custom_padding_phone=&#8221;||10px|&#8221; make_equal=&#8221;on&#8221; background_color_2=&#8221;#444441&#8243; bg_img_1=&#8221;https:\/\/cars-lieutaud.fr\/wp-content\/uploads\/sites\/8\/2017\/06\/Illus-flotte01.jpg&#8221; bg_img_3=&#8221;https:\/\/cars-lieutaud.fr\/wp-content\/uploads\/sites\/8\/2017\/06\/Illus-flotte02.jpg&#8221; bg_img_4=&#8221;https:\/\/cars-lieutaud.fr\/wp-content\/uploads\/sites\/8\/2017\/05\/tmp-12754902551447-1.jpg&#8221; padding_top_2=&#8221;50px&#8221; padding_bottom_2=&#8221;50px&#8221; background_size_4=&#8221;cover&#8221; background_position_4=&#8221;center&#8221; background_repeat_4=&#8221;repeat&#8221; background_blend_4=&#8221;normal&#8221; padding_2_phone=&#8221;||5%|&#8221; padding_3_phone=&#8221;||5%|&#8221; padding_2_last_edited=&#8221;off|desktop&#8221; padding_3_last_edited=&#8221;off|desktop&#8221; custom_padding_last_edited=&#8221;off|desktop&#8221; _builder_version=&#8221;3.0.51&#8243; background_size=&#8221;initial&#8221; background_position=&#8221;top_left&#8221; background_repeat=&#8221;repeat&#8221;][et_pb_column type=&#8221;1_3&#8243;][\/et_pb_column][et_pb_column type=&#8221;1_3&#8243;][et_pb_image admin_label=&#8221;Image &#8221; src=&#8221;https:\/\/cars-lieutaud.fr\/wp-content\/uploads\/sites\/8\/2017\/06\/picto-charte-mercedes.png&#8221; animation=&#8221;fade_in&#8221; align=&#8221;center&#8221; _builder_version=&#8221;3.0.51&#8243; custom_margin=&#8221;|||&#8221; animation_direction=&#8221;center&#8221; animation_style=&#8221;fade&#8221; animation_duration=&#8221;500ms&#8221; animation_intensity_slide=&#8221;10%&#8221; show_bottom_space=&#8221;on&#8221; \/][et_pb_blurb admin_label=&#8221;R\u00e9sum\u00e9&#8221; title=&#8221;Notre Flotte Mercedes&#8221; url=&#8221;\/visitevirtuelle\/&#8221; animation=&#8221;off&#8221; text_orientation=&#8221;center&#8221; _builder_version=&#8221;3.0.51&#8243; header_font=&#8221;Trocchi||||&#8221; header_font_size=&#8221;42px&#8221; header_text_color=&#8221;#ffffff&#8221; header_line_height=&#8221;1.9em&#8221; body_font=&#8221;Montserrat||||&#8221; body_font_size=&#8221;18px&#8221; body_text_color=&#8221;#ffffff&#8221; body_line_height=&#8221;2em&#8221; background_size=&#8221;initial&#8221; background_position=&#8221;top_left&#8221; background_repeat=&#8221;repeat&#8221; use_border_color=&#8221;on&#8221; border_width=&#8221;0px&#8221; custom_margin=&#8221;0px||30px|&#8221; custom_padding=&#8221;0px|10%|0px|10%&#8221; border_width_all=&#8221;0px&#8221; border_color_all=&#8221;#ffffff&#8221; border_style_all=&#8221;solid&#8221;]<\/p>\n<p>D\u00e9couvrez notre parc de v\u00e9hicules 100 % Mercedes, haut de gamme derni\u00e8re g\u00e9n\u00e9ration.<\/p>\n<p>[\/et_pb_blurb][et_pb_button admin_label=&#8221;Bouton &#8221; button_url=&#8221;\/visitevirtuelle\/&#8221; button_text=&#8221;Visitez notre bus \u00e0 360\u00b0&#8221; button_alignment=&#8221;center&#8221; background_layout=&#8221;dark&#8221; _builder_version=&#8221;3.0.51&#8243; custom_button=&#8221;on&#8221; button_text_size=&#8221;16px&#8221; button_border_radius=&#8221;9px&#8221; button_font=&#8221;|||on|&#8221; button_icon=&#8221;%%3%%&#8221; button_text_color_hover=&#8221;#444441&#8243; button_bg_color_hover=&#8221;#ffcc00&#8243; background_color=&#8221;#a5a2a1&#8243; \/][\/et_pb_column][et_pb_column type=&#8221;1_3&#8243;][\/et_pb_column][\/et_pb_row][\/et_pb_section][et_pb_section bb_built=&#8221;1&#8243; admin_label=&#8221;section&#8221; background_color=&#8221;#499bdb&#8221; _builder_version=&#8221;3.0.51&#8243;][et_pb_row admin_label=&#8221;row&#8221; custom_padding=&#8221;0px|0px|0px|0px&#8221; _builder_version=&#8221;3.0.47&#8243; background_size=&#8221;initial&#8221; background_position=&#8221;top_left&#8221; background_repeat=&#8221;repeat&#8221;][et_pb_column type=&#8221;4_4&#8243;][et_pb_text admin_label=&#8221;titreh1&#8243; background_layout=&#8221;dark&#8221; text_orientation=&#8221;center&#8221; _builder_version=&#8221;3.0.63&#8243; text_font=&#8221;|||on|&#8221; text_font_size=&#8221;28px&#8221; text_text_color=&#8221;#ffffff&#8221; text_line_height=&#8221;1.4em&#8221; header_font=&#8221;||||&#8221; header_font_size=&#8221;26px&#8221; header_text_color=&#8221;#e5482a&#8221; background_size=&#8221;initial&#8221; background_position=&#8221;top_left&#8221; background_repeat=&#8221;repeat&#8221; custom_margin=&#8221;0px||0px|&#8221; custom_padding=&#8221;0px||30px|&#8221; inline_fonts=&#8221;Sanchez,Trocchi&#8221; module_alignment=&#8221;center&#8221;]<\/p>\n<p>Une flotte d\u2019autocars Mercedes ultra premium d\u00e9di\u00e9e<br \/>\n<span style=\"font-size: xx-large\"><strong>Grand tourisme et tourisme d\u2019affaires<\/strong><\/span><\/p>\n<p>[\/et_pb_text][et_pb_button admin_label=&#8221;Bouton &#8221; button_url=&#8221;\/notre-flotte-en-images\/&#8221; button_text=&#8221;D\u00e9couvir notre flotte en images&#8221; button_alignment=&#8221;center&#8221; background_layout=&#8221;dark&#8221; _builder_version=&#8221;3.0.63&#8243; custom_button=&#8221;on&#8221; button_text_size=&#8221;16px&#8221; button_border_radius=&#8221;9px&#8221; button_font=&#8221;|||on|&#8221; button_icon=&#8221;%%3%%&#8221; button_text_color_hover=&#8221;#444441&#8243; button_bg_color_hover=&#8221;#ffcc00&#8243; background_color=&#8221;#a5a2a1&#8243; \/][\/et_pb_column][\/et_pb_row][et_pb_row admin_label=&#8221;flotte version mobile&#8221; make_fullwidth=&#8221;on&#8221; use_custom_gutter=&#8221;on&#8221; gutter_width=&#8221;1&#8243; custom_padding=&#8221;27px|0px|0px|0px&#8221; disabled_on=&#8221;off|off|on&#8221; _builder_version=&#8221;3.0.51&#8243;][et_pb_column type=&#8221;1_4&#8243;][et_pb_image admin_label=&#8221;Image &#8221; src=&#8221;https:\/\/cars-lieutaud.fr\/wp-content\/uploads\/sites\/8\/2017\/07\/Illus-flotte-modele04-mobile.jpg&#8221; animation=&#8221;off&#8221; align=&#8221;center&#8221; _builder_version=&#8221;3.0.63&#8243; custom_margin=&#8221;||0px|&#8221; url=&#8221;\/notre-flotte-en-images\/&#8221; animation_style=&#8221;none&#8221; animation_duration=&#8221;1000ms&#8221; animation_intensity_slide=&#8221;50%&#8221; show_bottom_space=&#8221;on&#8221; \/][et_pb_image admin_label=&#8221;Image &#8221; src=&#8221;https:\/\/cars-lieutaud.fr\/wp-content\/uploads\/sites\/8\/2017\/06\/picto-flotte-1a7.png&#8221; align=&#8221;center&#8221; _builder_version=&#8221;3.0.51&#8243; custom_margin=&#8221;20px|||&#8221; animation_style=&#8221;slide&#8221; animation_duration=&#8221;500ms&#8221; animation_intensity_slide=&#8221;10%&#8221; animation_direction=&#8221;left&#8221; show_bottom_space=&#8221;on&#8221; \/][et_pb_text admin_label=&#8221;Texte &#8221; text_orientation=&#8221;center&#8221; _builder_version=&#8221;3.0.71&#8243; text_text_color=&#8221;#ffffff&#8221; header_text_color=&#8221;#ffffff&#8221; custom_margin=&#8221;0px|||&#8221; custom_padding=&#8221;20px|20px|20px|20px&#8221; background_layout=&#8221;light&#8221; border_style=&#8221;solid&#8221; module_alignment=&#8221;center&#8221;]<\/p>\n<p><span style=\"font-size: xx-large;color: #ffffff\"><strong>VANS<br \/>\n<\/strong><\/span><span style=\"font-size: large;color: #444441\"><strong>Boite automatique &#8211; air conditionn\u00e9 \u2013 ceintures de s\u00e9curit\u00e9<\/strong><\/span><\/p>\n<p>Id\u00e9al pour vos voyages d\u2019affaires priv\u00e9s, les voyages VIP en petits nombres. La solution id\u00e9ale pour vos transferts entre les gares et\/ou les a\u00e9roports et le lieu de votre \u00e9v\u00e8nement ou votre lieu de vacances\u2026<\/p>\n<div class=\"et_pb_main_blurb_imagee\"><\/div>\n<p>[\/et_pb_text][\/et_pb_column][et_pb_column type=&#8221;1_4&#8243;][et_pb_image admin_label=&#8221;Image &#8221; src=&#8221;https:\/\/cars-lieutaud.fr\/wp-content\/uploads\/sites\/8\/2017\/07\/Illus-flotte-modele03-mobile.jpg&#8221; animation=&#8221;off&#8221; align=&#8221;center&#8221; _builder_version=&#8221;3.0.63&#8243; custom_margin=&#8221;||0px|&#8221; url=&#8221;\/notre-flotte-en-images\/&#8221; animation_style=&#8221;none&#8221; animation_duration=&#8221;1000ms&#8221; animation_intensity_slide=&#8221;50%&#8221; show_bottom_space=&#8221;on&#8221; \/][et_pb_image admin_label=&#8221;Image &#8221; src=&#8221;https:\/\/cars-lieutaud.fr\/wp-content\/uploads\/sites\/8\/2017\/06\/picto-flotte-16a19.png&#8221; align=&#8221;center&#8221; _builder_version=&#8221;3.0.51&#8243; custom_margin=&#8221;20px|||&#8221; animation_style=&#8221;slide&#8221; animation_duration=&#8221;500ms&#8221; animation_intensity_slide=&#8221;10%&#8221; animation_direction=&#8221;left&#8221; show_bottom_space=&#8221;on&#8221; \/][et_pb_text admin_label=&#8221;Texte &#8221; text_orientation=&#8221;center&#8221; _builder_version=&#8221;3.0.51&#8243; text_text_color=&#8221;#ffffff&#8221; header_text_color=&#8221;#ffffff&#8221; custom_margin=&#8221;0px|||&#8221; custom_padding=&#8221;20px|20px|20px|20px&#8221; module_alignment=&#8221;center&#8221;]<\/p>\n<p><span style=\"font-size: xx-large;color: #ffffff\"><strong>MINICARS<br \/>\n<\/strong><\/span><span style=\"font-size: large;color: #444441\"><strong><span style=\"font-size: large;color: #444441\"><strong>Frigo &#8211; air conditionn\u00e9 &#8211; ceintures de s\u00e9curit\u00e9 &#8211; microphone<\/strong><\/span><\/strong><\/span><\/p>\n<p>Id\u00e9al pour 10 \/12 personnes, pour vous accompagner en centre ville, dans les caves et domaines, au coeur des villages de Provence<\/p>\n<div class=\"et_pb_main_blurb_imagee\"><\/div>\n<p>[\/et_pb_text][\/et_pb_column][et_pb_column type=&#8221;1_4&#8243;][et_pb_image admin_label=&#8221;Image &#8221; src=&#8221;https:\/\/cars-lieutaud.fr\/wp-content\/uploads\/sites\/8\/2017\/07\/Illus-flotte-modele01-mobile.jpg&#8221; animation=&#8221;off&#8221; align=&#8221;center&#8221; _builder_version=&#8221;3.0.63&#8243; custom_margin=&#8221;||0px|&#8221; url=&#8221;\/notre-flotte-en-images\/&#8221; animation_style=&#8221;none&#8221; animation_duration=&#8221;1000ms&#8221; animation_intensity_slide=&#8221;50%&#8221; show_bottom_space=&#8221;on&#8221; \/][et_pb_image admin_label=&#8221;Image &#8221; src=&#8221;https:\/\/cars-lieutaud.fr\/wp-content\/uploads\/sites\/8\/2017\/06\/picto-flotte-32a36.png&#8221; align=&#8221;center&#8221; _builder_version=&#8221;3.0.51&#8243; custom_margin=&#8221;20px|||&#8221; animation_style=&#8221;slide&#8221; animation_duration=&#8221;500ms&#8221; animation_intensity_slide=&#8221;10%&#8221; animation_direction=&#8221;left&#8221; show_bottom_space=&#8221;on&#8221; \/][et_pb_text admin_label=&#8221;Texte &#8221; text_orientation=&#8221;center&#8221; _builder_version=&#8221;3.0.51&#8243; text_text_color=&#8221;#ffffff&#8221; header_text_color=&#8221;#ffffff&#8221; custom_margin=&#8221;0px|||&#8221; custom_padding=&#8221;20px|20px|20px|20px&#8221; module_alignment=&#8221;center&#8221;]<\/p>\n<p><span style=\"font-size: xx-large;color: #ffffff\"><strong>AUTOCARS<\/strong><\/span><br \/>\n<span style=\"font-size: large;color: #444441\"><strong>Toilettes &#8211; syst\u00e8me vid\u00e9o &#8211; frigo &#8211; air conditionn\u00e9 &#8211; ceintures de s\u00e9curit\u00e9 &#8211; microphone<\/strong><\/span><\/p>\n<p>Id\u00e9al pour 20\/25 personnes pour les visites des villages en Provence, les acc\u00e8s \u00abcomplexes\u00bb et merveilleux de notre belle Provence !<\/p>\n<div class=\"et_pb_main_blurb_imagee\"><\/div>\n<p>[\/et_pb_text][\/et_pb_column][et_pb_column type=&#8221;1_4&#8243;][et_pb_image admin_label=&#8221;Image &#8221; src=&#8221;https:\/\/cars-lieutaud.fr\/wp-content\/uploads\/sites\/8\/2017\/07\/Illus-flotte-modele02-mobile.jpg&#8221; animation=&#8221;off&#8221; align=&#8221;center&#8221; _builder_version=&#8221;3.0.63&#8243; custom_margin=&#8221;||0px|&#8221; url=&#8221;\/notre-flotte-en-images\/&#8221; animation_style=&#8221;none&#8221; animation_duration=&#8221;1000ms&#8221; animation_intensity_slide=&#8221;50%&#8221; show_bottom_space=&#8221;on&#8221; \/][et_pb_image admin_label=&#8221;Image &#8221; src=&#8221;https:\/\/cars-lieutaud.fr\/wp-content\/uploads\/sites\/8\/2017\/06\/picto-flotte-49a53.png&#8221; align=&#8221;center&#8221; _builder_version=&#8221;3.0.51&#8243; custom_margin=&#8221;20px|||&#8221; animation_style=&#8221;slide&#8221; animation_duration=&#8221;500ms&#8221; animation_intensity_slide=&#8221;10%&#8221; animation_direction=&#8221;left&#8221; show_bottom_space=&#8221;on&#8221; \/][et_pb_text admin_label=&#8221;Texte &#8221; text_orientation=&#8221;center&#8221; _builder_version=&#8221;3.0.51&#8243; text_text_color=&#8221;#ffffff&#8221; header_text_color=&#8221;#ffffff&#8221; custom_margin=&#8221;0px|||&#8221; custom_padding=&#8221;20px|20px|20px|20px&#8221; module_alignment=&#8221;center&#8221;]<\/p>\n<p><span style=\"font-size: xx-large;color: #ffffff\"><strong>AUTOCARS<br \/>\nGRAND TOURISME<br \/>\n<\/strong><\/span><span style=\"font-size: large;color: #444441\"><strong>Toilettes &#8211; syst\u00e8me vid\u00e9o &#8211; frigo &#8211; air conditionn\u00e9 t\u00e9l\u00e9phone &#8211; ceintures de s\u00e9curit\u00e9 &#8211; microphone.<\/strong><\/span><\/p>\n<p>Id\u00e9al pour une excursion offrant tous les attributs d\u2019un voyage confort Grand luxe !<\/p>\n<div class=\"et_pb_main_blurb_imagee\"><\/div>\n<p>[\/et_pb_text][\/et_pb_column][\/et_pb_row][et_pb_row admin_label=&#8221;flotte version mobile&#8221; make_fullwidth=&#8221;on&#8221; custom_width_px=&#8221;500px&#8221; use_custom_gutter=&#8221;on&#8221; gutter_width=&#8221;1&#8243; custom_padding=&#8221;0px|0px|0px|0px&#8221; custom_margin=&#8221;|||&#8221; disabled_on=&#8221;off|off|on&#8221; _builder_version=&#8221;3.0.51&#8243; custom_margin_tablet=&#8221;|||&#8221; custom_margin_last_edited=&#8221;on|desktop&#8221;][et_pb_column type=&#8221;1_3&#8243;][\/et_pb_column][et_pb_column type=&#8221;1_3&#8243;][et_pb_image admin_label=&#8221;Image &#8221; src=&#8221;https:\/\/cars-lieutaud.fr\/wp-content\/uploads\/sites\/8\/2017\/07\/Illus-flotte-modele05-mobile.jpg&#8221; animation=&#8221;off&#8221; align=&#8221;center&#8221; _builder_version=&#8221;3.0.63&#8243; custom_margin=&#8221;||0px|&#8221; url=&#8221;\/notre-flotte-en-images\/&#8221; animation_style=&#8221;none&#8221; animation_duration=&#8221;1000ms&#8221; animation_intensity_slide=&#8221;50%&#8221; show_bottom_space=&#8221;on&#8221; \/][et_pb_image admin_label=&#8221;Image &#8221; src=&#8221;https:\/\/cars-lieutaud.fr\/wp-content\/uploads\/sites\/8\/2017\/06\/picto-flotte-61.png&#8221; align=&#8221;center&#8221; _builder_version=&#8221;3.0.51&#8243; custom_margin=&#8221;20px|||&#8221; animation_style=&#8221;slide&#8221; animation_duration=&#8221;500ms&#8221; animation_intensity_slide=&#8221;10%&#8221; animation_direction=&#8221;left&#8221; show_bottom_space=&#8221;on&#8221; \/][et_pb_text admin_label=&#8221;Texte &#8221; text_orientation=&#8221;center&#8221; _builder_version=&#8221;3.0.51&#8243; text_text_color=&#8221;#ffffff&#8221; header_text_color=&#8221;#ffffff&#8221; custom_margin=&#8221;0px|||&#8221; custom_padding=&#8221;20px|20px|20px|20px&#8221; module_alignment=&#8221;center&#8221;]<\/p>\n<p><span style=\"font-size: xx-large;color: #ffffff\"><strong>AUTOCARS<br \/>\nGRAND TOURISME<br \/>\n<\/strong><\/span><span style=\"font-size: large;color: #444441\"><strong>Toilettes &#8211; syst\u00e8me vid\u00e9o &#8211; frigo &#8211; air conditionn\u00e9 t\u00e9l\u00e9phone &#8211; ceintures de s\u00e9curit\u00e9 &#8211; microphone.<\/strong><\/span><\/p>\n<p>Id\u00e9al pour offrir Confort et Grand luxe dans vos d\u00e9placements et organisations.<\/p>\n<div class=\"et_pb_main_blurb_imagee\"><\/div>\n<p>[\/et_pb_text][\/et_pb_column][et_pb_column type=&#8221;1_3&#8243;][\/et_pb_column][\/et_pb_row][\/et_pb_section][et_pb_section bb_built=&#8221;1&#8243; admin_label=&#8221;Section &#8221; custom_padding=&#8221;0px|||&#8221; disabled_on=&#8221;on|on|off&#8221; module_class=&#8221;five-columns-section&#8221; _builder_version=&#8221;3.0.51&#8243; background_image=&#8221;https:\/\/cars-lieutaud.fr\/wp-content\/uploads\/sites\/8\/2017\/06\/Paralaxe-flotte-nuages.jpg&#8221; parallax=&#8221;on&#8221;][et_pb_row custom_padding=&#8221;0px|0px|0px|0px&#8221; custom_margin=&#8221;|||&#8221; background_position_1=&#8221;top_left&#8221; background_repeat_1=&#8221;no-repeat&#8221; custom_padding_last_edited=&#8221;off|desktop&#8221; _builder_version=&#8221;3.0.51&#8243;][et_pb_column type=&#8221;4_4&#8243;][et_pb_image admin_label=&#8221;Image &#8221; src=&#8221;https:\/\/cars-lieutaud.fr\/wp-content\/uploads\/sites\/8\/2017\/06\/Illus-flotte-modele04.jpg&#8221; animation=&#8221;off&#8221; align=&#8221;center&#8221; _builder_version=&#8221;3.0.63&#8243; custom_margin=&#8221;0px||30|&#8221; use_overlay=&#8221;on&#8221; url=&#8221;\/notre-flotte-en-images\/&#8221; hover_icon=&#8221;%%100%%&#8221; hover_overlay_color=&#8221;rgba(73,155,219,0.67)&#8221; overlay_icon_color=&#8221;#ffffff&#8221; animation_style=&#8221;none&#8221; animation_duration=&#8221;1000ms&#8221; animation_intensity_slide=&#8221;50%&#8221; show_bottom_space=&#8221;on&#8221; \/][et_pb_image admin_label=&#8221;Image &#8221; src=&#8221;https:\/\/cars-lieutaud.fr\/wp-content\/uploads\/sites\/8\/2017\/06\/picto-flotte-1a7.png&#8221; animation=&#8221;fade_in&#8221; align=&#8221;center&#8221; _builder_version=&#8221;3.0.51&#8243; custom_margin=&#8221;||30px|&#8221; animation_direction=&#8221;center&#8221; animation_style=&#8221;fade&#8221; animation_duration=&#8221;500ms&#8221; animation_intensity_slide=&#8221;10%&#8221; show_bottom_space=&#8221;on&#8221; \/][et_pb_text admin_label=&#8221;Texte &#8221; text_orientation=&#8221;center&#8221; _builder_version=&#8221;3.0.71&#8243; text_text_color=&#8221;#ffffff&#8221; header_text_color=&#8221;#ffffff&#8221; custom_padding=&#8221;|20px||20px&#8221; background_layout=&#8221;light&#8221; border_style=&#8221;solid&#8221; module_alignment=&#8221;center&#8221;]<\/p>\n<p><span style=\"font-size: xx-large;color: #ffffff\"><strong>VANS<br \/>\n<\/strong><\/span><span style=\"font-size: large;color: #444441\"><strong>Boite automatique &#8211; air conditionn\u00e9 \u2013 ceintures de s\u00e9curit\u00e9<\/strong><\/span><\/p>\n<p><span style=\"font-size: large;color: #444441\">Id\u00e9al pour vos voyages d\u2019affaires priv\u00e9s, les voyages VIP en petits nombres. La solution id\u00e9ale pour vos transferts entre les gares et\/ou les a\u00e9roports et le lieu de votre \u00e9v\u00e8nement ou votre lieu de vacances\u2026<\/span><\/p>\n<p>[\/et_pb_text][\/et_pb_column][\/et_pb_row][et_pb_row custom_padding=&#8221;0px|0px|0px|0px&#8221; background_position_1=&#8221;top_left&#8221; background_repeat_1=&#8221;no-repeat&#8221; _builder_version=&#8221;3.0.51&#8243;][et_pb_column type=&#8221;4_4&#8243;][et_pb_image admin_label=&#8221;Image &#8221; src=&#8221;https:\/\/cars-lieutaud.fr\/wp-content\/uploads\/sites\/8\/2017\/06\/Illus-flotte-modele03.jpg&#8221; animation=&#8221;off&#8221; align=&#8221;center&#8221; _builder_version=&#8221;3.0.63&#8243; custom_margin=&#8221;||30px|&#8221; use_overlay=&#8221;on&#8221; url=&#8221;\/notre-flotte-en-images\/&#8221; overlay_icon_color=&#8221;#ffffff&#8221; hover_overlay_color=&#8221;rgba(73,155,219,0.67)&#8221; hover_icon=&#8221;%%100%%&#8221; animation_style=&#8221;none&#8221; animation_duration=&#8221;1000ms&#8221; animation_intensity_slide=&#8221;50%&#8221; show_bottom_space=&#8221;on&#8221; \/][et_pb_image admin_label=&#8221;Image &#8221; src=&#8221;https:\/\/cars-lieutaud.fr\/wp-content\/uploads\/sites\/8\/2017\/06\/picto-flotte-16a19.png&#8221; animation=&#8221;fade_in&#8221; align=&#8221;center&#8221; _builder_version=&#8221;3.0.51&#8243; custom_margin=&#8221;||30px|&#8221; animation_direction=&#8221;center&#8221; animation_style=&#8221;fade&#8221; animation_duration=&#8221;500ms&#8221; animation_intensity_slide=&#8221;10%&#8221; show_bottom_space=&#8221;on&#8221; \/][et_pb_text admin_label=&#8221;Texte &#8221; text_orientation=&#8221;center&#8221; _builder_version=&#8221;3.0.51&#8243; text_text_color=&#8221;#ffffff&#8221; header_text_color=&#8221;#ffffff&#8221; custom_margin=&#8221;|||&#8221; custom_padding=&#8221;|20px||20px&#8221; module_alignment=&#8221;center&#8221;]<\/p>\n<p><span style=\"font-size: xx-large;color: #ffffff\"><strong>MINICARS<br \/>\n<\/strong><\/span><span style=\"font-size: large;color: #444441\"><strong><span style=\"font-size: large;color: #444441\"><strong>Frigo &#8211; air conditionn\u00e9 &#8211; ceintures de s\u00e9curit\u00e9 &#8211; microphone<\/strong><\/span><\/strong><\/span><\/p>\n<p><span style=\"font-size: large;color: #444441\">Id\u00e9al pour 10 \/12 personnes, pour vous accompagner en centre ville, dans les caves et domaines, au coeur des <\/span><span style=\"font-size: large;color: #444441\">villages de Provence<\/span><\/p>\n<p>[\/et_pb_text][\/et_pb_column][\/et_pb_row][et_pb_row custom_padding=&#8221;0px|0px||0px&#8221; background_position_1=&#8221;top_left&#8221; background_repeat_1=&#8221;no-repeat&#8221; _builder_version=&#8221;3.0.51&#8243;][et_pb_column type=&#8221;4_4&#8243;][et_pb_image admin_label=&#8221;Image &#8221; src=&#8221;https:\/\/cars-lieutaud.fr\/wp-content\/uploads\/sites\/8\/2017\/06\/Illus-flotte-modele01.jpg&#8221; animation=&#8221;off&#8221; align=&#8221;center&#8221; _builder_version=&#8221;3.0.63&#8243; custom_margin=&#8221;0px||30px|&#8221; use_overlay=&#8221;on&#8221; url=&#8221;\/notre-flotte-en-images\/&#8221; overlay_icon_color=&#8221;#ffffff&#8221; hover_overlay_color=&#8221;rgba(73,155,219,0.67)&#8221; hover_icon=&#8221;%%100%%&#8221; animation_style=&#8221;none&#8221; animation_duration=&#8221;1000ms&#8221; animation_intensity_slide=&#8221;50%&#8221; show_bottom_space=&#8221;on&#8221; \/][et_pb_image admin_label=&#8221;Image &#8221; src=&#8221;https:\/\/cars-lieutaud.fr\/wp-content\/uploads\/sites\/8\/2017\/06\/picto-flotte-32a36.png&#8221; animation=&#8221;fade_in&#8221; align=&#8221;center&#8221; _builder_version=&#8221;3.0.51&#8243; custom_margin=&#8221;||30|&#8221; animation_direction=&#8221;center&#8221; animation_style=&#8221;fade&#8221; animation_duration=&#8221;500ms&#8221; animation_intensity_slide=&#8221;10%&#8221; show_bottom_space=&#8221;on&#8221; \/][et_pb_text admin_label=&#8221;Texte &#8221; text_orientation=&#8221;center&#8221; _builder_version=&#8221;3.0.51&#8243; text_text_color=&#8221;#ffffff&#8221; header_text_color=&#8221;#ffffff&#8221; custom_padding=&#8221;|20px||20px&#8221; module_alignment=&#8221;center&#8221;]<\/p>\n<p><span style=\"font-size: xx-large;color: #ffffff\"><strong>AUTOCARS<br \/>\n<\/strong><\/span><span style=\"font-size: large;color: #444441\"><strong>Toilettes &#8211; syst\u00e8me vid\u00e9o &#8211; frigo &#8211; air conditionn\u00e9 &#8211; ceintures de s\u00e9curit\u00e9 &#8211; microphone<\/strong><\/span><\/p>\n<p><span style=\"font-size: large;color: #444441\">Id\u00e9al pour 20\/25 personnes pour les visites des villages en Provence, les acc\u00e8s \u00abcomplexes\u00bb et merveilleux de notre belle Provence !<\/span><\/p>\n<p>[\/et_pb_text][\/et_pb_column][\/et_pb_row][et_pb_row custom_padding=&#8221;0px|0px|0px|0px&#8221; background_position_1=&#8221;top_left&#8221; background_repeat_1=&#8221;no-repeat&#8221; _builder_version=&#8221;3.0.51&#8243;][et_pb_column type=&#8221;4_4&#8243;][et_pb_image admin_label=&#8221;Image &#8221; src=&#8221;https:\/\/cars-lieutaud.fr\/wp-content\/uploads\/sites\/8\/2017\/06\/Illus-flotte-modele02.jpg&#8221; animation=&#8221;off&#8221; align=&#8221;center&#8221; _builder_version=&#8221;3.0.63&#8243; custom_margin=&#8221;0px||30|&#8221; use_overlay=&#8221;on&#8221; url=&#8221;\/notre-flotte-en-images\/&#8221; overlay_icon_color=&#8221;#ffffff&#8221; hover_overlay_color=&#8221;rgba(73,155,219,0.67)&#8221; hover_icon=&#8221;%%100%%&#8221; animation_style=&#8221;none&#8221; animation_duration=&#8221;1000ms&#8221; animation_intensity_slide=&#8221;50%&#8221; show_bottom_space=&#8221;on&#8221; \/][et_pb_image admin_label=&#8221;Image &#8221; src=&#8221;https:\/\/cars-lieutaud.fr\/wp-content\/uploads\/sites\/8\/2017\/06\/picto-flotte-49a53.png&#8221; animation=&#8221;fade_in&#8221; align=&#8221;center&#8221; _builder_version=&#8221;3.0.51&#8243; custom_margin=&#8221;||30px|&#8221; animation_direction=&#8221;center&#8221; animation_style=&#8221;fade&#8221; animation_duration=&#8221;500ms&#8221; animation_intensity_slide=&#8221;10%&#8221; show_bottom_space=&#8221;on&#8221; \/][et_pb_text admin_label=&#8221;Texte &#8221; text_orientation=&#8221;center&#8221; _builder_version=&#8221;3.0.51&#8243; text_text_color=&#8221;#ffffff&#8221; header_text_color=&#8221;#ffffff&#8221; custom_padding=&#8221;|20px||20px&#8221; module_alignment=&#8221;center&#8221;]<\/p>\n<p><span style=\"font-size: xx-large;color: #ffffff\"><strong>AUTOCARS<br \/>\nGRAND TOURISME<br \/>\n<\/strong><\/span><span style=\"font-size: large;color: #444441\"><strong>Toilettes &#8211; syst\u00e8me vid\u00e9o &#8211; frigo &#8211; air conditionn\u00e9 t\u00e9l\u00e9phone &#8211; ceintures de s\u00e9curit\u00e9 &#8211; microphone<\/strong><\/span><\/p>\n<p><span style=\"font-size: large;color: #444441\">Id\u00e9al pour une excursion offrant tous les attributs d\u2019un voyage confort Grand luxe !<\/span><\/p>\n<p>[\/et_pb_text][\/et_pb_column][\/et_pb_row][et_pb_row custom_padding=&#8221;0px|0px|0px|0px&#8221; background_position_1=&#8221;top_left&#8221; background_repeat_1=&#8221;no-repeat&#8221; custom_padding_last_edited=&#8221;off|desktop&#8221; _builder_version=&#8221;3.0.51&#8243;][et_pb_column type=&#8221;4_4&#8243;][et_pb_image admin_label=&#8221;Image &#8221; src=&#8221;https:\/\/cars-lieutaud.fr\/wp-content\/uploads\/sites\/8\/2017\/06\/Illus-flotte-modele05.jpg&#8221; animation=&#8221;off&#8221; align=&#8221;center&#8221; _builder_version=&#8221;3.0.63&#8243; custom_margin=&#8221;0px||30|&#8221; use_overlay=&#8221;on&#8221; url=&#8221;\/notre-flotte-en-images\/&#8221; overlay_icon_color=&#8221;#ffffff&#8221; hover_overlay_color=&#8221;rgba(73,155,219,0.67)&#8221; hover_icon=&#8221;%%100%%&#8221; animation_style=&#8221;none&#8221; animation_duration=&#8221;1000ms&#8221; animation_intensity_slide=&#8221;50%&#8221; show_bottom_space=&#8221;on&#8221; \/][et_pb_image admin_label=&#8221;Image &#8221; src=&#8221;https:\/\/cars-lieutaud.fr\/wp-content\/uploads\/sites\/8\/2017\/06\/picto-flotte-61.png&#8221; animation=&#8221;fade_in&#8221; align=&#8221;center&#8221; _builder_version=&#8221;3.0.51&#8243; custom_margin=&#8221;||30px|&#8221; animation_direction=&#8221;center&#8221; animation_style=&#8221;fade&#8221; animation_duration=&#8221;500ms&#8221; animation_intensity_slide=&#8221;10%&#8221; show_bottom_space=&#8221;on&#8221; \/][et_pb_text admin_label=&#8221;Texte &#8221; text_orientation=&#8221;center&#8221; _builder_version=&#8221;3.0.51&#8243; text_text_color=&#8221;#ffffff&#8221; header_text_color=&#8221;#ffffff&#8221; custom_margin=&#8221;|||&#8221; custom_padding=&#8221;|20px||20px&#8221; module_alignment=&#8221;center&#8221;]<\/p>\n<p><span style=\"font-size: xx-large;color: #ffffff\"><strong>AUTOCARS<br \/>\nGRAND TOURISME<br \/>\n<\/strong><\/span><span style=\"font-size: large;color: #444441\"><strong>Toilettes &#8211; syst\u00e8me vid\u00e9o &#8211; frigo &#8211; air conditionn\u00e9 &#8211; t\u00e9l\u00e9phone &#8211; ceintures de s\u00e9curit\u00e9 &#8211; microphone.<\/strong><\/span><\/p>\n<p><span style=\"font-size: large;color: #444441\">Id\u00e9al pour offrir Confort et Grand luxe dans vos d\u00e9placements et organisations.<\/span><\/p>\n<p>[\/et_pb_text][\/et_pb_column][\/et_pb_row][et_pb_row admin_label=&#8221;Ligne 100%&#8221; use_custom_width=&#8221;on&#8221; width_unit=&#8221;off&#8221; custom_width_percent=&#8221;100%&#8221; background_position_1=&#8221;top_left&#8221; background_repeat_1=&#8221;no-repeat&#8221; module_class=&#8221;full_width&#8221; _builder_version=&#8221;3.0.51&#8243; custom_css_main_element=&#8221;width: 100%;&#8221;][et_pb_column type=&#8221;4_4&#8243;][et_pb_image admin_label=&#8221;Image Palais des Papes d\u00e9tour\u00e9e&#8221; src=&#8221;https:\/\/cars-lieutaud.fr\/wp-content\/uploads\/sites\/8\/2017\/06\/Paralaxe-flotte-ville.png&#8221; animation=&#8221;off&#8221; sticky=&#8221;on&#8221; align=&#8221;center&#8221; force_fullwidth=&#8221;on&#8221; _builder_version=&#8221;3.0.51&#8243; show_bottom_space=&#8221;off&#8221; animation_style=&#8221;none&#8221; animation_duration=&#8221;1000ms&#8221; animation_intensity_slide=&#8221;50%&#8221; \/][\/et_pb_column][\/et_pb_row][\/et_pb_section][et_pb_section bb_built=&#8221;1&#8243; admin_label=&#8221;section&#8221; background_color=&#8221;#ffcc00&#8243; custom_padding=&#8221;54px|0px|0px|0px&#8221; _builder_version=&#8221;3.0.51&#8243;][et_pb_row admin_label=&#8221;row&#8221; custom_padding=&#8221;0px|0px|0px|0px&#8221; _builder_version=&#8221;3.0.47&#8243; background_size=&#8221;initial&#8221; background_position=&#8221;top_left&#8221; background_repeat=&#8221;repeat&#8221;][et_pb_column type=&#8221;4_4&#8243;][et_pb_text admin_label=&#8221;titreh1&#8243; background_layout=&#8221;dark&#8221; text_orientation=&#8221;center&#8221; _builder_version=&#8221;3.0.51&#8243; text_font=&#8221;|||on|&#8221; text_font_size=&#8221;28px&#8221; text_text_color=&#8221;#ffffff&#8221; text_line_height=&#8221;1.4em&#8221; header_font=&#8221;||||&#8221; header_font_size=&#8221;26px&#8221; header_text_color=&#8221;#e5482a&#8221; background_size=&#8221;initial&#8221; background_position=&#8221;top_left&#8221; background_repeat=&#8221;repeat&#8221; custom_margin=&#8221;0px||0px|&#8221; custom_padding=&#8221;0px||20px|&#8221; inline_fonts=&#8221;Sanchez,Trocchi&#8221; module_alignment=&#8221;center&#8221;]<\/p>\n<p><span style=\"color: #0077c6\">Une flotte d\u2019autocars d\u00e9di\u00e9e<\/span><br \/>\n<span style=\"font-size: xx-large;color: #0077c6\"><strong>TRANSPORT SCOLAIRE<\/strong><\/span><\/p>\n<p>[\/et_pb_text][et_pb_text admin_label=&#8221;Texte &#8221; _builder_version=&#8221;3.0.51&#8243; text_font=&#8221;|||on|&#8221; text_font_size=&#8221;20px&#8221; text_line_height=&#8221;1.6em&#8221;]<\/p>\n<p style=\"text-align: center\">33 autocars MERCEDES Intouro M \u00e9quip\u00e9s de ceintures de s\u00e9curit\u00e9 et d&#8217;\u00e9thylotest anti-d\u00e9marrage, circulent en toute s\u00e9curit\u00e9<br \/>\npour <strong>le ramassage scolaire du Conseil D\u00e9partemental de Vaucluse<\/strong> sur les lignes 03S1, 03S2, 03S3, 03S4, 03S5, 04S1, 04S2, 04S3, 04S4,<br \/>\n<strong>\u00a0<\/strong>du<strong> Conseil D\u00e9partemental de la Drome<\/strong> sur la ligne 1152, 1300, 1264<br \/>\net celui du <strong>Conseil D\u00e9partemental des Bouches du Rh\u00f4ne<\/strong> sur la ligne C485<\/p>\n<p>[\/et_pb_text][\/et_pb_column][\/et_pb_row][et_pb_row admin_label=&#8221;row&#8221; make_fullwidth=&#8221;on&#8221; use_custom_gutter=&#8221;on&#8221; gutter_width=&#8221;1&#8243; custom_padding=&#8221;46px|0px|0px|0px&#8221; custom_margin=&#8221;||0px|&#8221; background_color=&#8221;#ffcc00&#8243; background_color_1=&#8221;#0077c6&#8243; padding_bottom_1=&#8221;0px&#8221; disabled_on=&#8221;off|off|off&#8221; _builder_version=&#8221;3.0.51&#8243;][et_pb_column type=&#8221;4_4&#8243;][et_pb_image admin_label=&#8221;Image &#8221; src=&#8221;https:\/\/cars-lieutaud.fr\/wp-content\/uploads\/sites\/8\/2017\/06\/galerie-scolaire-02.jpg&#8221; align=&#8221;center&#8221; disabled_on=&#8221;off|on|on&#8221; _builder_version=&#8221;3.0.51&#8243; animation_style=&#8221;slide&#8221; animation_duration=&#8221;500ms&#8221; animation_intensity_slide=&#8221;10%&#8221; animation_direction=&#8221;left&#8221; show_bottom_space=&#8221;on&#8221; \/][et_pb_gallery gallery_ids=&#8221;27151,27152,27158,27155,27153,27154,27157,27150&#8243; posts_number=&#8221;8&#8243; show_title_and_caption=&#8221;off&#8221; show_pagination=&#8221;off&#8221; zoom_icon_color=&#8221;#ffcc00&#8243; hover_overlay_color=&#8221;rgba(68,68,65,0.9)&#8221; hover_icon=&#8221;%%51%%&#8221; disabled_on=&#8221;on|off|off&#8221; _builder_version=&#8221;3.0.51&#8243; \/][\/et_pb_column][\/et_pb_row][\/et_pb_section][et_pb_section bb_built=&#8221;1&#8243; admin_label=&#8221;section&#8221; background_color=&#8221;#0077c6&#8243; custom_padding=&#8221;76px|0px|0px|0px&#8221; _builder_version=&#8221;3.0.51&#8243;][et_pb_row admin_label=&#8221;row&#8221; custom_padding=&#8221;0px|0px|0px|0px&#8221; _builder_version=&#8221;3.0.47&#8243; background_size=&#8221;initial&#8221; background_position=&#8221;top_left&#8221; background_repeat=&#8221;repeat&#8221;][et_pb_column type=&#8221;4_4&#8243;][et_pb_text admin_label=&#8221;titreh1&#8243; background_layout=&#8221;dark&#8221; text_orientation=&#8221;center&#8221; _builder_version=&#8221;3.0.51&#8243; text_font=&#8221;|||on|&#8221; text_font_size=&#8221;28px&#8221; text_text_color=&#8221;#ffcc00&#8243; text_line_height=&#8221;1.4em&#8221; header_font=&#8221;||||&#8221; header_font_size=&#8221;26px&#8221; header_text_color=&#8221;#e5482a&#8221; background_size=&#8221;initial&#8221; background_position=&#8221;top_left&#8221; background_repeat=&#8221;repeat&#8221; custom_margin=&#8221;0px||0px|&#8221; custom_padding=&#8221;0px||20px|&#8221; inline_fonts=&#8221;Sanchez,Trocchi&#8221; module_alignment=&#8221;center&#8221;]<\/p>\n<p><span style=\"font-size: xx-large;color: #ffcc00\">Une flotte d\u2019autocars d\u00e9di\u00e9e<br \/>\n<strong>DES PERSONNES EN LIGNES R\u00c9GULI\u00c8RES<\/strong><\/span><\/p>\n<p>[\/et_pb_text][et_pb_text admin_label=&#8221;Texte &#8221; _builder_version=&#8221;3.0.51&#8243; text_font=&#8221;|||on|&#8221; text_font_size=&#8221;20px&#8221; text_text_color=&#8221;#ffffff&#8221; text_line_height=&#8221;1.6em&#8221;]<\/p>\n<p style=\"text-align: center\">Les autocars pour lignes r\u00e9guli\u00e8res : notre flotte comporte \u00e9galement 10 autocars interurbains aux couleurs et logo du <strong>Conseil D\u00e9partemental du Vaucluse<\/strong> en assurant les lignes r\u00e9guli\u00e8res 4,3,11, 104 et du <strong>Conseil D\u00e9partemental des Bouches<\/strong> du Rh\u00f4ne en<br \/>\neffectuant la ligne LER 18.<\/p>\n<p>[\/et_pb_text][\/et_pb_column][\/et_pb_row][et_pb_row admin_label=&#8221;row&#8221; make_fullwidth=&#8221;on&#8221; use_custom_gutter=&#8221;on&#8221; gutter_width=&#8221;1&#8243; custom_padding=&#8221;46px|0px|0px|0px&#8221; custom_margin=&#8221;||0px|&#8221; padding_bottom_1=&#8221;0px&#8221; _builder_version=&#8221;3.0.51&#8243;][et_pb_column type=&#8221;4_4&#8243;][et_pb_image admin_label=&#8221;Image &#8221; src=&#8221;https:\/\/cars-lieutaud.fr\/wp-content\/uploads\/sites\/8\/2017\/06\/galerie-scolaire-07.jpg&#8221; align=&#8221;center&#8221; _builder_version=&#8221;3.0.51&#8243; animation_style=&#8221;slide&#8221; animation_duration=&#8221;500ms&#8221; animation_intensity_slide=&#8221;10%&#8221; animation_direction=&#8221;left&#8221; show_bottom_space=&#8221;on&#8221; \/][\/et_pb_column][\/et_pb_row][\/et_pb_section][et_pb_section bb_built=&#8221;1&#8243; admin_label=&#8221;section&#8221; background_color=&#8221;#444441&#8243; custom_padding=&#8221;53px||0|&#8221; _builder_version=&#8221;3.0.51&#8243;][et_pb_row admin_label=&#8221;row&#8221; custom_padding=&#8221;0px|0px|54px|0px&#8221; _builder_version=&#8221;3.0.51&#8243; background_size=&#8221;initial&#8221; background_position=&#8221;top_left&#8221; background_repeat=&#8221;repeat&#8221;][et_pb_column type=&#8221;4_4&#8243;][et_pb_text admin_label=&#8221;titreh1&#8243; background_layout=&#8221;dark&#8221; text_orientation=&#8221;center&#8221; _builder_version=&#8221;3.0.51&#8243; text_font=&#8221;|||on|&#8221; text_font_size=&#8221;28px&#8221; text_text_color=&#8221;#ffcc00&#8243; text_line_height=&#8221;1.4em&#8221; header_font=&#8221;||||&#8221; header_font_size=&#8221;26px&#8221; header_text_color=&#8221;#e5482a&#8221; background_size=&#8221;initial&#8221; background_position=&#8221;top_left&#8221; background_repeat=&#8221;repeat&#8221; custom_margin=&#8221;0px||0px|&#8221; custom_padding=&#8221;0px||20px|&#8221; inline_fonts=&#8221;Sanchez,Trocchi&#8221; module_alignment=&#8221;center&#8221;]<\/p>\n<p><span style=\"font-size: xx-large;color: #ffcc00\">Une flotte d\u2019autocars<br \/>\n<strong>POUR VOS COURTS VOYAGES !!<\/strong><\/span><\/p>\n<p>[\/et_pb_text][et_pb_text admin_label=&#8221;Texte &#8221; _builder_version=&#8221;3.0.51&#8243; text_font=&#8221;|||on|&#8221; text_font_size=&#8221;20px&#8221; text_text_color=&#8221;#ffffff&#8221; text_line_height=&#8221;1.6em&#8221;]<\/p>\n<p style=\"text-align: center\">Les autocars pour des sorties \u00e0 la journ\u00e9e : Nous disposons \u00e9galement de v\u00e9hicule MERCEDES <strong>Intouro L<\/strong> pour effectuer toutes vos sorties \u00e0 la journ\u00e9e :<br \/>\njourn\u00e9e d\u00e9couverte de la r\u00e9gion, sorties scolaires, classes vertes, transferts vers les gares, a\u00e9roport, lieux de comp\u00e9titions<\/p>\n<p>[\/et_pb_text][\/et_pb_column][\/et_pb_row][et_pb_row admin_label=&#8221;row&#8221; make_fullwidth=&#8221;on&#8221; use_custom_gutter=&#8221;on&#8221; gutter_width=&#8221;0&#8243; custom_padding=&#8221;0px||0px|&#8221; custom_padding_phone=&#8221;||10px|&#8221; make_equal=&#8221;on&#8221; bg_img_1=&#8221;https:\/\/cars-lieutaud.fr\/wp-content\/uploads\/sites\/8\/2017\/07\/Illus-paysages-sablet.jpg&#8221; bg_img_3=&#8221;https:\/\/cars-lieutaud.fr\/wp-content\/uploads\/sites\/8\/2017\/07\/Illus-paysages-lavandes.jpg&#8221; bg_img_4=&#8221;https:\/\/cars-lieutaud.fr\/wp-content\/uploads\/sites\/8\/2017\/05\/tmp-12754902551447-1.jpg&#8221; padding_bottom_1=&#8221;0px&#8221; padding_bottom_2=&#8221;0px&#8221; background_size_4=&#8221;cover&#8221; background_position_4=&#8221;center&#8221; background_repeat_4=&#8221;repeat&#8221; background_blend_4=&#8221;normal&#8221; padding_2_phone=&#8221;||5%|&#8221; padding_3_phone=&#8221;||5%|&#8221; padding_2_last_edited=&#8221;on|phone&#8221; padding_3_last_edited=&#8221;on|desktop&#8221; custom_padding_last_edited=&#8221;off|desktop&#8221; _builder_version=&#8221;3.0.51&#8243; background_size=&#8221;initial&#8221; background_position=&#8221;top_left&#8221; background_repeat=&#8221;repeat&#8221;][et_pb_column type=&#8221;1_3&#8243;][\/et_pb_column][et_pb_column type=&#8221;1_3&#8243;][et_pb_image admin_label=&#8221;Image &#8221; src=&#8221;https:\/\/cars-lieutaud.fr\/wp-content\/uploads\/sites\/8\/2017\/06\/Galerie-bus-10.jpg&#8221; animation=&#8221;off&#8221; sticky=&#8221;on&#8221; force_fullwidth=&#8221;on&#8221; _builder_version=&#8221;3.0.51&#8243; custom_margin=&#8221;||0|&#8221; show_bottom_space=&#8221;off&#8221; animation_style=&#8221;none&#8221; animation_duration=&#8221;1000ms&#8221; animation_intensity_slide=&#8221;50%&#8221; \/][\/et_pb_column][et_pb_column type=&#8221;1_3&#8243;][\/et_pb_column][\/et_pb_row][\/et_pb_section][et_pb_section bb_built=&#8221;1&#8243; admin_label=&#8221;Bouton Contact &amp; R\u00e9servation&#8221; background_color=&#8221;#444441&#8243; custom_padding=&#8221;0px||0px|&#8221; make_fullwidth=&#8221;on&#8221; make_equal=&#8221;on&#8221; use_custom_gutter=&#8221;on&#8221; gutter_width=&#8221;1&#8243; parallax_method_1=&#8221;off&#8221; padding_bottom_1=&#8221;0px&#8221; disabled_on=&#8221;on|on|&#8221; module_class=&#8221;active&#8221; _builder_version=&#8221;3.0.49&#8243; saved_tabs=&#8221;all&#8221;][et_pb_row admin_label=&#8221;row&#8221; make_fullwidth=&#8221;on&#8221; use_custom_gutter=&#8221;on&#8221; gutter_width=&#8221;1&#8243; custom_padding=&#8221;0px|0px|0px|0px&#8221; custom_margin=&#8221;||0px|&#8221; make_equal=&#8221;on&#8221; background_color=&#8221;#ffffff&#8221; padding_bottom_1=&#8221;0px&#8221; parallax_method_1=&#8221;off&#8221; module_class=&#8221;five-columns blurb-hover&#8221; _builder_version=&#8221;3.0.47&#8243; background_size=&#8221;initial&#8221; background_position=&#8221;top_left&#8221; background_repeat=&#8221;repeat&#8221;][et_pb_column type=&#8221;4_4&#8243;][et_pb_blurb admin_label=&#8221;Lien vers Grand Tourisme&#8221; url=&#8221;http:\/\/www.cars-lieutaud.com&#8221; icon_color=&#8221;#ffffff&#8221; text_orientation=&#8221;center&#8221; _builder_version=&#8221;3.0.63&#8243; body_text_color=&#8221;#ffffff&#8221; background_image=&#8221;https:\/\/cars-lieutaud.fr\/wp-content\/uploads\/sites\/8\/2017\/05\/Footer-button-01-LieutaudAutocars.jpg&#8221; background_position=&#8221;top_center&#8221; url_new_window=&#8221;off&#8221; use_icon=&#8221;off&#8221; use_circle=&#8221;off&#8221; use_circle_border=&#8221;off&#8221; icon_placement=&#8221;top&#8221; use_icon_font_size=&#8221;off&#8221; background_layout=&#8221;light&#8221; border_style=&#8221;solid&#8221; animation=&#8221;top&#8221; title=&#8221;GRAND TOURISME, VOYAGES D\u2019AFFAIRES&#8221;]<\/p>\n<p>Une gamme premium d\u2019autocars Mercedes au service de vos s\u00e9minaires, congr\u00e8s, tourisme r\u00e9ceptif, mariages et excursions&#8230;<\/p>\n<p>\u00a0<\/p>\n<div class=\"et_pb_main_blurb_image\"><a href=\"http:\/\/www.cars-lieutaud.com\"><span class=\"et-pb-icon et-waypoint et_pb_animation_top et-animated\" style=\"color: #ffffff\">=<\/span><\/a><\/div>\n<p>[\/et_pb_blurb][et_pb_blurb admin_label=&#8221;Lien vers Lignes R\u00e9guli\u00e8res&#8221; url=&#8221;http:\/\/www.lieutaud.fr&#8221; icon_color=&#8221;#ffffff&#8221; text_orientation=&#8221;center&#8221; _builder_version=&#8221;3.0.63&#8243; body_text_color=&#8221;#ffffff&#8221; background_image=&#8221;https:\/\/cars-lieutaud.fr\/wp-content\/uploads\/sites\/8\/2017\/05\/Footer-button-01-LieutaudVaison.jpg&#8221; background_position=&#8221;top_center&#8221; url_new_window=&#8221;off&#8221; use_icon=&#8221;off&#8221; use_circle=&#8221;off&#8221; use_circle_border=&#8221;off&#8221; icon_placement=&#8221;top&#8221; use_icon_font_size=&#8221;off&#8221; background_layout=&#8221;light&#8221; border_style=&#8221;solid&#8221; animation=&#8221;top&#8221; title=&#8221;Lignes r\u00e9guli\u00e8res &amp; Scolaires &#8211; Tourisme Local &amp; associatif&#8221;]<\/p>\n<p>Horaires, lignes, points de vente et informations sur le r\u00e9seau TransVaucluse. FLASH INFOS pour suivre en direct le trafic. Organisation de transports pour les voyages scolaires et associatifs.<\/p>\n<p>\u00a0<\/p>\n<div class=\"et_pb_main_blurb_image\"><a href=\"http:\/\/www.lieutaud.fr\"><span class=\"et-pb-icon et-waypoint et_pb_animation_top et-animated\" style=\"color: #ffffff\">=<\/span><\/a><\/div>\n<p>[\/et_pb_blurb][et_pb_blurb admin_label=&#8221;Lien vers Autocars Lieutaud&#8221; icon_color=&#8221;#ffffff&#8221; text_orientation=&#8221;center&#8221; module_class=&#8221;active&#8221; _builder_version=&#8221;3.0.63&#8243; header_font_size=&#8221;14px&#8221; body_text_color=&#8221;#ffffff&#8221; background_image=&#8221;https:\/\/cars-lieutaud.fr\/wp-content\/uploads\/sites\/8\/2017\/06\/Footer-button-01-LieutaudCorporate-Off.jpg&#8221; background_position=&#8221;top_center&#8221; title=&#8221;De 1875 \u00e0 Aujourd&#8217;hui&#8221; url=&#8221;http:\/\/www.cars-lieutaud.fr&#8221; url_new_window=&#8221;off&#8221; use_icon=&#8221;off&#8221; use_circle=&#8221;off&#8221; use_circle_border=&#8221;off&#8221; icon_placement=&#8221;top&#8221; use_icon_font_size=&#8221;off&#8221; background_layout=&#8221;light&#8221; border_style=&#8221;solid&#8221; animation=&#8221;top&#8221;]<\/p>\n<p>De la cal\u00e8che aux autocars, vivez la saga Lieutaud ! Retrouvez nos valeurs et notre philosophie. D\u00e9couvrez notre flotte, nos \u00e9quipes, dans nos 3 agences.<\/p>\n<p>[\/et_pb_blurb][et_pb_blurb admin_label=&#8221;Lien vers Petit Train Vaison&#8221; url=&#8221;http:\/\/petittrainvaison.com&#8221; icon_color=&#8221;#ffffff&#8221; text_orientation=&#8221;center&#8221; _builder_version=&#8221;3.0.63&#8243; body_text_color=&#8221;#ffffff&#8221; background_image=&#8221;https:\/\/cars-lieutaud.fr\/wp-content\/uploads\/sites\/8\/2017\/05\/Footer-button-01-LieutaudTrainVaison.jpg&#8221; background_position=&#8221;top_center&#8221; url_new_window=&#8221;off&#8221; use_icon=&#8221;off&#8221; use_circle=&#8221;off&#8221; use_circle_border=&#8221;off&#8221; icon_placement=&#8221;top&#8221; use_icon_font_size=&#8221;off&#8221; background_layout=&#8221;light&#8221; border_style=&#8221;solid&#8221; animation=&#8221;top&#8221; title=&#8221;Traversez plus de 2000 ans d&#8217;histoire !&#8221;]<\/p>\n<p>Le Petit Train de Vaison La Romaine propose un circuit en petit train dans le centre historique de Vaison la Romaine.<\/p>\n<p>\u00a0<\/p>\n<div class=\"et_pb_main_blurb_image\"><a href=\"http:\/\/petittrainvaison.com\"><span class=\"et-pb-icon et-waypoint et_pb_animation_top et-animated\" style=\"color: #ffffff\">=<\/span><\/a><\/div>\n<p>[\/et_pb_blurb][et_pb_blurb admin_label=&#8221;Lien vers Open Tour et Petit Train&#8221; url=&#8221;https:\/\/visiteavignon.com&#8221; icon_color=&#8221;#ffffff&#8221; text_orientation=&#8221;center&#8221; _builder_version=&#8221;3.0.63&#8243; header_font=&#8221;Montserrat|||on|&#8221; header_font_size=&#8221;14px&#8221; header_text_color=&#8221;#605e5e&#8221; header_line_height=&#8221;1.3em&#8221; body_text_color=&#8221;#ffffff&#8221; body_line_height=&#8221;1.4em&#8221; background_image=&#8221;https:\/\/cars-lieutaud.fr\/wp-content\/uploads\/sites\/8\/2017\/06\/Footer-button-01-LieutaudVisiteAvignon.jpg&#8221; background_position=&#8221;top_center&#8221; url_new_window=&#8221;off&#8221; use_icon=&#8221;off&#8221; use_circle=&#8221;off&#8221; use_circle_border=&#8221;off&#8221; icon_placement=&#8221;top&#8221; use_icon_font_size=&#8221;off&#8221; background_layout=&#8221;light&#8221; border_style=&#8221;solid&#8221; animation=&#8221;top&#8221; title=&#8221;Petit Train et Open Tour&#8221;]<\/p>\n<p><strong>Visite Avignon<\/strong> propose de d\u00e9couvrir les villes d\u2019Avignon et de Villeneuve les Avignon en petit train et\/ou en open tour. Un city tour aux circuits originaux avec 19 sites et une approche ludique \u00ab sp\u00e9cial enfant \u00bb avec des commentaires adapt\u00e9s aux plus petits. Une boutique \u00e0 d\u00e9couvrir, 40 cours Jean Jaur\u00e8s.<\/p>\n<p>\u00a0<\/p>\n<div class=\"et_pb_main_blurb_image\"><a href=\"http:\/\/www.visiteavignon.com\"><span class=\"et-pb-icon et-waypoint et_pb_animation_top et-animated\" style=\"color: #ffffff\">=<\/span><\/a><\/div>\n<p>[\/et_pb_blurb][\/et_pb_column][\/et_pb_row][et_pb_row use_custom_width=&#8221;on&#8221; width_unit=&#8221;off&#8221; custom_width_percent=&#8221;100%&#8221; custom_padding=&#8221;|0px||0px&#8221; custom_margin=&#8221;|0px||0px&#8221; background_color=&#8221;#605e5e&#8221; padding_left_1=&#8221;10%&#8221; parallax_method_1=&#8221;off&#8221; parallax_method_2=&#8221;off&#8221; background_position_1=&#8221;top_left&#8221; background_position_2=&#8221;top_left&#8221; background_repeat_1=&#8221;no-repeat&#8221; background_repeat_2=&#8221;no-repeat&#8221; _builder_version=&#8221;3.0.51&#8243; background_size=&#8221;initial&#8221; background_position=&#8221;top_left&#8221; background_repeat=&#8221;repeat&#8221; custom_css_main_element=&#8221;width: 100% !important;||max-width: 100% !important;&#8221;][et_pb_column type=&#8221;1_2&#8243;][et_pb_social_media_follow link_shape=&#8221;circle&#8221; url_new_window=&#8221;off&#8221; _builder_version=&#8221;3.0.51&#8243; custom_css_social_icon=&#8221;background-color: #bab6b5;&#8221;]<\/p>\n<p>[et_pb_social_media_follow_network social_network=&#8221;youtube&#8221; url=&#8221;https:\/\/www.youtube.com\/user\/CarsLieutaud&#8221; bg_color=&#8221;#a82400&#8243; _builder_version=&#8221;3.0.47&#8243; link_shape=&#8221;circle&#8221; follow_button=&#8221;off&#8221; url_new_window=&#8221;off&#8221;] YouTube [\/et_pb_social_media_follow_network][et_pb_social_media_follow_network social_network=&#8221;facebook&#8221; url=&#8221;https:\/\/www.facebook.com\/carslieutaud\/&#8221; bg_color=&#8221;#3b5998&#8243; _builder_version=&#8221;3.0.47&#8243; link_shape=&#8221;circle&#8221; follow_button=&#8221;off&#8221; url_new_window=&#8221;off&#8221;] Facebook [\/et_pb_social_media_follow_network][et_pb_social_media_follow_network social_network=&#8221;linkedin&#8221; url=&#8221;https:\/\/www.linkedin.com\/company-beta\/11165995\/&#8221; bg_color=&#8221;#007bb6&#8243; _builder_version=&#8221;3.0.47&#8243; link_shape=&#8221;circle&#8221; follow_button=&#8221;off&#8221; url_new_window=&#8221;off&#8221;] LinkedIn [\/et_pb_social_media_follow_network][et_pb_social_media_follow_network social_network=&#8221;instagram&#8221; url=&#8221;https:\/\/www.instagram.com\/carslieutaud\/&#8221; bg_color=&#8221;#517fa4&#8243; _builder_version=&#8221;3.0.47&#8243; link_shape=&#8221;circle&#8221; follow_button=&#8221;off&#8221; url_new_window=&#8221;off&#8221;] Instagram [\/et_pb_social_media_follow_network]<\/p>\n<p>[\/et_pb_social_media_follow][\/et_pb_column][et_pb_column type=&#8221;1_2&#8243;][et_pb_button admin_label=&#8221;Bouton Contact &amp; R\u00e9servation&#8221; button_url=&#8221;\/contact-reservation\/&#8221; button_text=&#8221;CONTACT &amp; RESERVATION EN LIGNE&#8221; button_alignment=&#8221;center&#8221; _builder_version=&#8221;3.0.51&#8243; custom_button=&#8221;on&#8221; button_text_size=&#8221;15px&#8221; button_text_color=&#8221;#ffffff&#8221; button_border_color=&#8221;#ffffff&#8221; button_border_radius=&#8221;9px&#8221; button_icon=&#8221;%%3%%&#8221; button_text_color_hover=&#8221;#605e5e&#8221; button_bg_color_hover=&#8221;#ffffff&#8221; saved_tabs=&#8221;all&#8221; background_color=&#8221;#a5a2a1&#8243; \/][\/et_pb_column][\/et_pb_row][\/et_pb_section]<\/p>\n<span class=\"et_bloom_bottom_trigger\"><\/span>","protected":false},"excerpt":{"rendered":"<p>D\u00e9couvrez notre parc de v\u00e9hicules 100 % Mercedes, haut de gamme derni\u00e8re g\u00e9n\u00e9ration. Une flotte d\u2019autocars Mercedes ultra premium d\u00e9di\u00e9e Grand tourisme et tourisme d\u2019affaires VANS Boite automatique &#8211; air conditionn\u00e9 \u2013 ceintures de s\u00e9curit\u00e9 Id\u00e9al pour vos voyages d\u2019affaires priv\u00e9s, les voyages VIP en petits nombres. La solution id\u00e9ale pour vos transferts entre les [&hellip;]<\/p>\n","protected":false},"author":3,"featured_media":0,"parent":0,"menu_order":0,"comment_status":"closed","ping_status":"closed","template":"","meta":{"_seopress_robots_primary_cat":"","_et_pb_use_builder":"on","_et_pb_old_content":"","_et_gb_content_width":""},"acf":[],"_links":{"self":[{"href":"https:\/\/cars-lieutaud.fr\/en\/wp-json\/wp\/v2\/pages\/28179"}],"collection":[{"href":"https:\/\/cars-lieutaud.fr\/en\/wp-json\/wp\/v2\/pages"}],"about":[{"href":"https:\/\/cars-lieutaud.fr\/en\/wp-json\/wp\/v2\/types\/page"}],"author":[{"embeddable":true,"href":"https:\/\/cars-lieutaud.fr\/en\/wp-json\/wp\/v2\/users\/3"}],"replies":[{"embeddable":true,"href":"https:\/\/cars-lieutaud.fr\/en\/wp-json\/wp\/v2\/comments?post=28179"}],"version-history":[{"count":0,"href":"https:\/\/cars-lieutaud.fr\/en\/wp-json\/wp\/v2\/pages\/28179\/revisions"}],"wp:attachment":[{"href":"https:\/\/cars-lieutaud.fr\/en\/wp-json\/wp\/v2\/media?parent=28179"}],"curies":[{"name":"wp","href":"https:\/\/api.w.org\/{rel}","templated":true}]}}